{"id":1899,"date":"2026-04-15T11:02:31","date_gmt":"2026-04-15T09:02:31","guid":{"rendered":"https:\/\/www.la-bethania.ch\/blog\/?page_id=1899"},"modified":"2026-04-15T11:02:33","modified_gmt":"2026-04-15T09:02:33","slug":"emm-qui-sommes-nous","status":"publish","type":"page","link":"https:\/\/www.la-bethania.ch\/blog\/emm-qui-sommes-nous\/","title":{"rendered":"EMM &#8211; Qui sommes-nous"},"content":{"rendered":"\n<p>L\u2019Eglise Evang\u00e9lique M\u00e9thodiste (EEM) en Suisse fait partie du paysage eccl\u00e9sial suisse depuis plus de 150 ans. Elle compte aujourd\u2019hui 112 paroisses et environ 12 500&nbsp;membres et amis. Elle doit ses d\u00e9buts \u00e0 deux pasteurs anglicans, John et Charles Wesley, qui vivaient en Angleterre au 18\u00e8me si\u00e8cle. Initialement, le terme de \u00ab&nbsp;m\u00e9thodiste&nbsp;\u00bb \u00e9tait le surnom donn\u00e9 aux membres d\u2019un cercle d\u2019\u00e9tudiants de l\u2019Universit\u00e9 d\u2019Oxford, dont faisaient \u00e9galement partie \u00e0 l\u2019\u00e9poque les fr\u00e8res Wesley, en raison de leur mode de vie extr\u00eamement structur\u00e9. Ce mode de vie comprenait notamment l\u2019\u00e9tude quotidienne de la Bible, la pri\u00e8re, le je\u00fbne et les \u0153uvres charitables.<\/p>\n\n\n\n<p>L\u2019EEM fait partie de la United Methodist Church (UMC), qui compte plus de 10 millions de membres de par le monde.<\/p>\n\n\n\n<p>L\u2019EEM Suisse entretient des liens particuliers avec les communaut\u00e9s m\u00e9thodistes d\u2019Afrique du Nord, de France, d\u2019Europe centrale et des Balkans, qui appartiennent \u00e9galement au dioc\u00e8se de l\u2019Ev\u00eaque Partick Streiff. Elle a par ailleurs d\u00e9velopp\u00e9 des relations d\u2019amiti\u00e9 et de partenariat avec des Eglises m\u00e9thodistes en Afrique et en Am\u00e9rique du Sud ainsi qu\u2019au Cambodge. Connexio, le R\u00e9seau Mission et Diaconie de l\u2019EEM, finance divers projets dans ces diff\u00e9rents pays.&nbsp;<\/p>\n\n\n\n<p>En Suisse, l\u2019EEM \u0153uvre en tant qu\u2019organe de liaison entre les Eglises reconnues et les Eglises libres. Elle recherche la collaboration avec d\u2019autres Eglises au plan local, ainsi que dans un cadre plus large, au sein du mouvement \u0153cum\u00e9nique, avec l\u2019Alliance Evang\u00e9lique Suisse (AES) ou la F\u00e9d\u00e9ration des Eglises libres et Communaut\u00e9s \u00e9vang\u00e9liques en Suisse (VFG). Elle fait partie de la F\u00e9d\u00e9ration des Eglises protestantes de Suisse (FEPS) et de la Communaut\u00e9 de travail des Eglises chr\u00e9tiennes en Suisse (COTEC).<\/p>\n\n\n\n<p>Source 2017:&nbsp;<a href=\"http:\/\/www.emk-schweiz.ch\/fr\/qui-sommes-nous.html\">http:\/\/www.emk-schweiz.ch\/fr\/qui-sommes-nous.html<\/a><\/p>\n\n\n\n<h2 class=\"wp-block-heading\">La foi agissant dans l&rsquo;amour<\/h2>\n\n\n\n<p>A la question de savoir ce qui est essentiel dans le mouvement m\u00e9thodiste, John Wesley, son fondateur, a r\u00e9pondu:&nbsp; \u00abLa foi agissant dans l&rsquo;amour\u00bb. L&rsquo;Eglise Evang\u00e9lique M\u00e9thodiste (EEM) est un lieu o\u00f9 se rencontrent des gens qui veulent faire l&rsquo;exp\u00e9rience de la foi chr\u00e9tienne comme \u00e9tant la base solide de la vie et de la mort.&nbsp;<\/p>\n\n\n\n<h2 class=\"wp-block-heading\">Ce que nous croyons<\/h2>\n\n\n\n<p>Avec les chr\u00e9tiennes et les chr\u00e9tiens des Eglises reconnues et d&rsquo;autres Eglises libres, nous partageons la foi au Dieu trinitaire, le P\u00e8re, son Fils J\u00e9sus Christ et le Saint Esprit. La croyance au Dieu trinitaire comprend la conviction que ce monde doit son existence \u00e0 la volont\u00e9 et \u00e0 l&rsquo;action de Dieu. Il agit dans l&rsquo;histoire par son amour qui cherche et r\u00e9pare. C&rsquo;est pourquoi nous attendons qu&rsquo;il remette le monde parfaitement en ordre selon sa volont\u00e9.&nbsp;<\/p>\n\n\n\n<p>A tous les niveaux de notre vie d&rsquo;\u00e9glise, nous soulignons ce qui nous unit les uns aux autres en tant que chr\u00e9tiennes et chr\u00e9tiens. Par rapport aux questions qui ne touchent pas aux racines du christianisme, nous nous en tenons \u00e0 la r\u00e8gle: penser et laisser penser.<\/p>\n\n\n\n<h2 class=\"wp-block-heading\">Ce que nous enseignons<\/h2>\n\n\n\n<p>A la base de notre foi et de notre action, nous trouvons le t\u00e9moignage de ceux qui, les premiers, ont entendu la parole de Dieu et v\u00e9cu son action. Leur t\u00e9moignage figure par \u00e9crit dans la Bible. Nous consid\u00e9rons la Bible comme Ecriture sainte, par laquelle Dieu se montre et parle aux \u00eatres humains jusqu&rsquo;\u00e0 aujourd&rsquo;hui.<\/p>\n\n\n\n<p>Nous comprenons les d\u00e9clarations de la Bible en les rapportant consciemment \u00e0 divers \u00e9l\u00e9ments au travers desquels, nous en sommes convaincus, l&rsquo;Esprit de Dieu agit sur nous:<\/p>\n\n\n\n<ul class=\"wp-block-list\">\n<li>Nous lisons la Bible \u00e0 la lumi\u00e8re de notre exp\u00e9rience. De m\u00eame, nous interpr\u00e9tons notre exp\u00e9rience \u00e0 l&rsquo;aide des d\u00e9clarations bibliques.<\/li>\n\n\n\n<li>Le riche tr\u00e9sor de la tradition li\u00e9e \u00e0 la foi chr\u00e9tienne nous aide \u00e0 mieux comprendre le t\u00e9moignage biblique: d&rsquo;autres avant nous ont d\u00e9j\u00e0 cherch\u00e9, \u00e0 leur \u00e9poque, \u00e0 comprendre le t\u00e9moignage biblique; \u00e0 c\u00f4t\u00e9 de nous, d&rsquo;autres encore se consacrent \u00e0 cette m\u00eame t\u00e2che. La ligne va des confessions de foi et des interpr\u00e9tations de l&rsquo;Eglise ancienne jusqu&rsquo;aux efforts scientifiques relatifs \u00e0 la compr\u00e9hension de la Bible \u00e0 notre \u00e9poque.<\/li>\n\n\n\n<li>La foi et la pens\u00e9e s&rsquo;interp\u00e9n\u00e8trent: avec l&rsquo;aide de la raison, nous appr\u00e9hendons le t\u00e9moignage biblique, nous d\u00e9crivons notre exp\u00e9rience et nous retra\u00e7ons la tradition biblique. Raisonnablement et de mani\u00e8re compr\u00e9hensible, nous d\u00e9crivons ce que nous avons d\u00e9couvert et ce qui en r\u00e9sulte pour notre foi.<\/li>\n<\/ul>\n\n\n\n<h2 class=\"wp-block-heading\">Ce que nous faisons<\/h2>\n\n\n\n<p>La foi et l&rsquo;amour agissant vont de pair. Cette conviction a caract\u00e9ris\u00e9 l&rsquo;EEM depuis ses d\u00e9buts jusqu&rsquo;\u00e0 ce jour. En 1908 d\u00e9j\u00e0, elle a adopt\u00e9 une d\u00e9claration qui affirmait la responsabilit\u00e9 des croyants en mati\u00e8re sociale. Depuis 1946, cette courte d\u00e9claration a \u00e9t\u00e9 compl\u00e9t\u00e9e par les Principes sociaux, plus d\u00e9taill\u00e9s, qui sont r\u00e9guli\u00e8rement actualis\u00e9s en fonction des nouveaux d\u00e9fis. Il y est dit, entre autres: \u00abNous affirmons qu&rsquo;aux yeux de Dieu, tous les \u00eatres humains ont la m\u00eame valeur. C&rsquo;est pourquoi nous nous attachons \u00e0 d\u00e9velopper une forme de communaut\u00e9 dans laquelle la valeur de chaque \u00eatre humain est reconnue, pr\u00e9serv\u00e9e et consolid\u00e9e\u00bb.&nbsp;&nbsp;<\/p>\n\n\n\n<p>Aux divers niveaux de l&rsquo;action de l&rsquo;Eglise, ces mots se remplissent de vie:<\/p>\n\n\n\n<ul class=\"wp-block-list\">\n<li>Foyers pour personnes \u00e2g\u00e9es, h\u00f4pitaux, \u00e9tablissement m\u00e9dico-social, maisons de vacances et h\u00f4tels sont autant d&rsquo;exemples de la mani\u00e8re dont l&rsquo;Eglise se met au service de la soci\u00e9t\u00e9.<\/li>\n\n\n\n<li>Connexio, le R\u00e9seau Mission et Diaconie de l&rsquo;Eglise Evang\u00e9lique M\u00e9thodiste Suisse-France, soutient des projets en Afrique, Am\u00e9rique latine, Asie, ainsi qu&rsquo;en Europe centrale, aux Balkans, en Suisse et en France.<\/li>\n\n\n\n<li>Des membres de nos communaut\u00e9s s&rsquo;investissent dans leur milieu, par exemple en rendant visite \u00e0 des personnes \u00e2g\u00e9es et isol\u00e9es, en accompagnant des marginaux ou en collaborant \u00e0 des cantines scolaires et des cr\u00e8ches.<\/li>\n<\/ul>\n\n\n\n<p>Source 2018:&nbsp;<a href=\"http:\/\/www.emk-schweiz.ch\/fr\/foi-spiritualite.html\">http:\/\/www.emk-schweiz.ch\/fr\/foi-spiritualite.html<\/a><\/p>\n","protected":false},"excerpt":{"rendered":"<p>L\u2019Eglise Evang\u00e9lique M\u00e9thodiste (EEM) en Suisse fait partie du paysage eccl\u00e9sial suisse depuis plus de 150 ans. Elle compte aujourd\u2019hui 112 paroisses et environ 12 500&nbsp;membres et amis. Elle doit ses d\u00e9buts \u00e0 deux pasteurs anglicans, John et Charles Wesley, qui vivaient en Angleterre au 18\u00e8me si\u00e8cle. Initialement, le terme&#8230; <a class=\"continue-reading-link\" href=\"https:\/\/www.la-bethania.ch\/blog\/emm-qui-sommes-nous\/\"> Continuer \u00e0 lire <span class=\"meta-nav\">&rarr; <\/span><\/a><\/p>\n","protected":false},"author":1,"featured_media":0,"parent":0,"menu_order":0,"comment_status":"closed","ping_status":"closed","template":"","meta":{"footnotes":""},"class_list":["post-1899","page","type-page","status-publish","hentry"],"yoast_head":"<!-- This site is optimized with the Yoast SEO plugin v27.5 - https:\/\/yoast.com\/product\/yoast-seo-wordpress\/ -->\n<title>EMM - Qui sommes-nous - Eglise Bethania<\/title>\n<meta name=\"robots\" content=\"index, follow, max-snippet:-1, max-image-preview:large, max-video-preview:-1\" \/>\n<link rel=\"canonical\" href=\"https:\/\/www.la-bethania.ch\/blog\/emm-qui-sommes-nous\/\" \/>\n<meta property=\"og:locale\" content=\"fr_FR\" \/>\n<meta property=\"og:type\" content=\"article\" \/>\n<meta property=\"og:title\" content=\"EMM - Qui sommes-nous - Eglise Bethania\" \/>\n<meta property=\"og:description\" content=\"L\u2019Eglise Evang\u00e9lique M\u00e9thodiste (EEM) en Suisse fait partie du paysage eccl\u00e9sial suisse depuis plus de 150 ans. Elle compte aujourd\u2019hui 112 paroisses et environ 12 500&nbsp;membres et amis. Elle doit ses d\u00e9buts \u00e0 deux pasteurs anglicans, John et Charles Wesley, qui vivaient en Angleterre au 18\u00e8me si\u00e8cle. Initialement, le terme... Continuer \u00e0 lire &rarr;\" \/>\n<meta property=\"og:url\" content=\"https:\/\/www.la-bethania.ch\/blog\/emm-qui-sommes-nous\/\" \/>\n<meta property=\"og:site_name\" content=\"Eglise Bethania\" \/>\n<meta property=\"article:modified_time\" content=\"2026-04-15T09:02:33+00:00\" \/>\n<meta name=\"twitter:card\" content=\"summary_large_image\" \/>\n<meta name=\"twitter:label1\" content=\"Dur\u00e9e de lecture estim\u00e9e\" \/>\n\t<meta name=\"twitter:data1\" content=\"5 minutes\" \/>\n<script type=\"application\/ld+json\" class=\"yoast-schema-graph\">{\"@context\":\"https:\\\/\\\/schema.org\",\"@graph\":[{\"@type\":\"WebPage\",\"@id\":\"https:\\\/\\\/www.la-bethania.ch\\\/blog\\\/emm-qui-sommes-nous\\\/\",\"url\":\"https:\\\/\\\/www.la-bethania.ch\\\/blog\\\/emm-qui-sommes-nous\\\/\",\"name\":\"EMM - Qui sommes-nous - Eglise Bethania\",\"isPartOf\":{\"@id\":\"https:\\\/\\\/www.la-bethania.ch\\\/blog\\\/#website\"},\"datePublished\":\"2026-04-15T09:02:31+00:00\",\"dateModified\":\"2026-04-15T09:02:33+00:00\",\"breadcrumb\":{\"@id\":\"https:\\\/\\\/www.la-bethania.ch\\\/blog\\\/emm-qui-sommes-nous\\\/#breadcrumb\"},\"inLanguage\":\"fr-FR\",\"potentialAction\":[{\"@type\":\"ReadAction\",\"target\":[\"https:\\\/\\\/www.la-bethania.ch\\\/blog\\\/emm-qui-sommes-nous\\\/\"]}]},{\"@type\":\"BreadcrumbList\",\"@id\":\"https:\\\/\\\/www.la-bethania.ch\\\/blog\\\/emm-qui-sommes-nous\\\/#breadcrumb\",\"itemListElement\":[{\"@type\":\"ListItem\",\"position\":1,\"name\":\"Accueil\",\"item\":\"https:\\\/\\\/www.la-bethania.ch\\\/blog\\\/\"},{\"@type\":\"ListItem\",\"position\":2,\"name\":\"EMM &#8211; Qui sommes-nous\"}]},{\"@type\":\"WebSite\",\"@id\":\"https:\\\/\\\/www.la-bethania.ch\\\/blog\\\/#website\",\"url\":\"https:\\\/\\\/www.la-bethania.ch\\\/blog\\\/\",\"name\":\"Eglise Bethania\",\"description\":\"EEM Saint-Imier\",\"potentialAction\":[{\"@type\":\"SearchAction\",\"target\":{\"@type\":\"EntryPoint\",\"urlTemplate\":\"https:\\\/\\\/www.la-bethania.ch\\\/blog\\\/?s={search_term_string}\"},\"query-input\":{\"@type\":\"PropertyValueSpecification\",\"valueRequired\":true,\"valueName\":\"search_term_string\"}}],\"inLanguage\":\"fr-FR\"}]}<\/script>\n<!-- \/ Yoast SEO plugin. -->","yoast_head_json":{"title":"EMM - Qui sommes-nous - Eglise Bethania","robots":{"index":"index","follow":"follow","max-snippet":"max-snippet:-1","max-image-preview":"max-image-preview:large","max-video-preview":"max-video-preview:-1"},"canonical":"https:\/\/www.la-bethania.ch\/blog\/emm-qui-sommes-nous\/","og_locale":"fr_FR","og_type":"article","og_title":"EMM - Qui sommes-nous - Eglise Bethania","og_description":"L\u2019Eglise Evang\u00e9lique M\u00e9thodiste (EEM) en Suisse fait partie du paysage eccl\u00e9sial suisse depuis plus de 150 ans. Elle compte aujourd\u2019hui 112 paroisses et environ 12 500&nbsp;membres et amis. Elle doit ses d\u00e9buts \u00e0 deux pasteurs anglicans, John et Charles Wesley, qui vivaient en Angleterre au 18\u00e8me si\u00e8cle. Initialement, le terme... Continuer \u00e0 lire &rarr;","og_url":"https:\/\/www.la-bethania.ch\/blog\/emm-qui-sommes-nous\/","og_site_name":"Eglise Bethania","article_modified_time":"2026-04-15T09:02:33+00:00","twitter_card":"summary_large_image","twitter_misc":{"Dur\u00e9e de lecture estim\u00e9e":"5 minutes"},"schema":{"@context":"https:\/\/schema.org","@graph":[{"@type":"WebPage","@id":"https:\/\/www.la-bethania.ch\/blog\/emm-qui-sommes-nous\/","url":"https:\/\/www.la-bethania.ch\/blog\/emm-qui-sommes-nous\/","name":"EMM - Qui sommes-nous - Eglise Bethania","isPartOf":{"@id":"https:\/\/www.la-bethania.ch\/blog\/#website"},"datePublished":"2026-04-15T09:02:31+00:00","dateModified":"2026-04-15T09:02:33+00:00","breadcrumb":{"@id":"https:\/\/www.la-bethania.ch\/blog\/emm-qui-sommes-nous\/#breadcrumb"},"inLanguage":"fr-FR","potentialAction":[{"@type":"ReadAction","target":["https:\/\/www.la-bethania.ch\/blog\/emm-qui-sommes-nous\/"]}]},{"@type":"BreadcrumbList","@id":"https:\/\/www.la-bethania.ch\/blog\/emm-qui-sommes-nous\/#breadcrumb","itemListElement":[{"@type":"ListItem","position":1,"name":"Accueil","item":"https:\/\/www.la-bethania.ch\/blog\/"},{"@type":"ListItem","position":2,"name":"EMM &#8211; Qui sommes-nous"}]},{"@type":"WebSite","@id":"https:\/\/www.la-bethania.ch\/blog\/#website","url":"https:\/\/www.la-bethania.ch\/blog\/","name":"Eglise Bethania","description":"EEM Saint-Imier","potentialAction":[{"@type":"SearchAction","target":{"@type":"EntryPoint","urlTemplate":"https:\/\/www.la-bethania.ch\/blog\/?s={search_term_string}"},"query-input":{"@type":"PropertyValueSpecification","valueRequired":true,"valueName":"search_term_string"}}],"inLanguage":"fr-FR"}]}},"jetpack_sharing_enabled":true,"_links":{"self":[{"href":"https:\/\/www.la-bethania.ch\/blog\/wp-json\/wp\/v2\/pages\/1899","targetHints":{"allow":["GET"]}}],"collection":[{"href":"https:\/\/www.la-bethania.ch\/blog\/wp-json\/wp\/v2\/pages"}],"about":[{"href":"https:\/\/www.la-bethania.ch\/blog\/wp-json\/wp\/v2\/types\/page"}],"author":[{"embeddable":true,"href":"https:\/\/www.la-bethania.ch\/blog\/wp-json\/wp\/v2\/users\/1"}],"replies":[{"embeddable":true,"href":"https:\/\/www.la-bethania.ch\/blog\/wp-json\/wp\/v2\/comments?post=1899"}],"version-history":[{"count":1,"href":"https:\/\/www.la-bethania.ch\/blog\/wp-json\/wp\/v2\/pages\/1899\/revisions"}],"predecessor-version":[{"id":1901,"href":"https:\/\/www.la-bethania.ch\/blog\/wp-json\/wp\/v2\/pages\/1899\/revisions\/1901"}],"wp:attachment":[{"href":"https:\/\/www.la-bethania.ch\/blog\/wp-json\/wp\/v2\/media?parent=1899"}],"curies":[{"name":"wp","href":"https:\/\/api.w.org\/{rel}","templated":true}]}}